{"id":8,"date":"2020-08-28T12:28:10","date_gmt":"2020-08-28T12:28:10","guid":{"rendered":"https:\/\/www.philippeenquin.net\/?page_id=8"},"modified":"2024-09-09T23:11:37","modified_gmt":"2024-09-09T21:11:37","slug":"home","status":"publish","type":"page","link":"https:\/\/www.philippeenquin.net\/es\/","title":{"rendered":"Inicio"},"content":{"rendered":"<div class=\"wp-block-group alignfull has-global-padding is-layout-constrained wp-container-core-group-is-layout-d89aad35 wp-block-group-is-layout-constrained\" style=\"margin-top:0;margin-bottom:0;padding-top:var(--wp--preset--spacing--50);padding-right:var(--wp--preset--spacing--50);padding-bottom:var(--wp--preset--spacing--50);padding-left:var(--wp--preset--spacing--50)\">\n<div class=\"wp-block-group is-content-justification-space-between is-layout-flex wp-container-core-group-is-layout-9366075c wp-block-group-is-layout-flex\">\n<div class=\"wp-block-group is-vertical is-content-justification-left is-layout-flex wp-container-core-group-is-layout-2290e706 wp-block-group-is-layout-flex\">\n<h2 class=\"wp-block-heading is-style-default\" style=\"font-style:normal;font-weight:600;text-transform:none\">Buenos Aires, otra mirada<\/h2>\n\n\n\n<p class=\"has-large-font-size\">Cr\u00f3nicas<\/p>\n<\/div>\n\n\n\n<div class=\"wp-block-buttons is-layout-flex wp-block-buttons-is-layout-flex\">\n<div class=\"wp-block-button\"><a class=\"wp-block-button__link wp-element-button\" href=\"\/es\/blog\/\">Ver el blog<\/a><\/div>\n<\/div>\n<\/div>\n\n\n\n<div style=\"margin-top:0;margin-bottom:0;height:var(--wp--preset--spacing--10)\" aria-hidden=\"true\" class=\"wp-block-spacer\"><\/div>\n\n\n\n<div class=\"wp-block-columns alignwide is-layout-flex wp-container-core-columns-is-layout-d0846407 wp-block-columns-is-layout-flex\">\n<div class=\"wp-block-column is-layout-flow wp-block-column-is-layout-flow\" style=\"flex-basis:60%\">\n<div class=\"wp-block-query is-layout-flow wp-block-query-is-layout-flow\"><ul class=\"wp-block-post-template is-layout-flow wp-container-core-post-template-is-layout-b377334a wp-block-post-template-is-layout-flow\"><li class=\"wp-block-post post-3714 post type-post status-publish format-standard has-post-thumbnail hentry category-chroniques-de-buenos-aires\">\n<figure style=\"aspect-ratio:auto;\" class=\"wp-block-post-featured-image\"><a href=\"https:\/\/www.philippeenquin.net\/es\/chroniques-de-buenos-aires\/lecole-isauro-arancibia\/\" target=\"_self\"><img loading=\"lazy\" decoding=\"async\" width=\"1024\" height=\"768\" src=\"https:\/\/www.philippeenquin.net\/wp-content\/uploads\/2025\/09\/Isauro00086-1024x768.jpg\" class=\"attachment-large size-large wp-post-image\" alt=\"Escuela Isauro Arancibia\" style=\"width:100%;height:100%;object-fit:cover;\" srcset=\"https:\/\/www.philippeenquin.net\/wp-content\/uploads\/2025\/09\/Isauro00086-1024x768.jpg 1024w, https:\/\/www.philippeenquin.net\/wp-content\/uploads\/2025\/09\/Isauro00086-300x225.jpg 300w, https:\/\/www.philippeenquin.net\/wp-content\/uploads\/2025\/09\/Isauro00086-768x576.jpg 768w, https:\/\/www.philippeenquin.net\/wp-content\/uploads\/2025\/09\/Isauro00086-1536x1152.jpg 1536w, https:\/\/www.philippeenquin.net\/wp-content\/uploads\/2025\/09\/Isauro00086-2048x1536.jpg 2048w, https:\/\/www.philippeenquin.net\/wp-content\/uploads\/2025\/09\/Isauro00086-16x12.jpg 16w\" sizes=\"auto, (max-width: 1024px) 100vw, 1024px\" \/><\/a><\/figure>\n\n\n<div style=\"height:var(--wp--preset--spacing--10)\" aria-hidden=\"true\" class=\"wp-block-spacer\"><\/div>\n\n\n\n<div class=\"wp-block-group is-vertical is-nowrap is-layout-flex wp-container-core-group-is-layout-027a86ef wp-block-group-is-layout-flex\"><h3 class=\"wp-block-post-title has-x-large-font-size\"><a href=\"https:\/\/www.philippeenquin.net\/es\/chroniques-de-buenos-aires\/lecole-isauro-arancibia\/\" target=\"_self\">Escuela Isauro Arancibia<\/a><\/h3>\n\n<div class=\"wp-block-post-excerpt\"><p class=\"wp-block-post-excerpt__excerpt\">\u00abMe llamo Mar\u00eda Silvia y soy alumna del Isauro Arancibia. Viv\u00ed 21 a\u00f1os en la calle con mis hijos, y ellos me invitaron a esta casa de Paseo Col\u00f3n e Indepedencia, donde est\u00e1 la escuela.....<\/p><p class=\"wp-block-post-excerpt__more-text\"><a class=\"wp-block-post-excerpt__more-link\" href=\"https:\/\/www.philippeenquin.net\/es\/chroniques-de-buenos-aires\/lecole-isauro-arancibia\/\">Seguir leyendo<\/a><\/p><\/div>\n\n<div class=\"wp-block-template-part\">\n<div class=\"wp-block-group is-layout-flow wp-block-group-is-layout-flow\">\n<div class=\"wp-block-group is-nowrap is-layout-flex wp-container-core-group-is-layout-17c695da wp-block-group-is-layout-flex\"><div style=\"font-size:clamp(0.929rem, 0.929rem + ((1vw - 0.2rem) * 0.698), 1.4rem)\" class=\"taxonomy-category has-text-align-center wp-block-post-terms\"><a href=\"https:\/\/www.philippeenquin.net\/es\/category\/chroniques-de-buenos-aires\/\" rel=\"tag\">Cr\u00f3nicas de Buenos Aires<\/a><\/div>\n\n<div class=\"has-text-align-center wp-block-post-date has-medium-font-size\"><time datetime=\"2025-10-21T16:53:51+02:00\">21 oct 2025<\/time><\/div><\/div>\n<\/div>\n<\/div><\/div>\n\n<\/li><\/ul><\/div>\n<\/div>\n\n\n\n<div class=\"wp-block-column is-layout-flow wp-block-column-is-layout-flow\" style=\"flex-basis:40%\">\n<div class=\"wp-block-query is-layout-flow wp-block-query-is-layout-flow\"><ul class=\"wp-block-post-template is-layout-flow wp-container-core-post-template-is-layout-6b084be1 wp-block-post-template-is-layout-flow\"><li class=\"wp-block-post post-3508 post type-post status-publish format-standard has-post-thumbnail hentry category-chroniques-de-buenos-aires\">\n<figure style=\"aspect-ratio:auto;\" class=\"wp-block-post-featured-image\"><a href=\"https:\/\/www.philippeenquin.net\/es\/chroniques-de-buenos-aires\/theatre-communautaire-de-barracas\/\" target=\"_self\"><img loading=\"lazy\" decoding=\"async\" width=\"1024\" height=\"683\" src=\"https:\/\/www.philippeenquin.net\/wp-content\/uploads\/2024\/06\/Barracas00035-1024x683.jpg\" class=\"attachment-large size-large wp-post-image\" alt=\"Teatro Comunitario de Barracas\" style=\"width:100%;height:100%;object-fit:cover;\" srcset=\"https:\/\/www.philippeenquin.net\/wp-content\/uploads\/2024\/06\/Barracas00035-1024x683.jpg 1024w, https:\/\/www.philippeenquin.net\/wp-content\/uploads\/2024\/06\/Barracas00035-300x200.jpg 300w, https:\/\/www.philippeenquin.net\/wp-content\/uploads\/2024\/06\/Barracas00035-768x512.jpg 768w, https:\/\/www.philippeenquin.net\/wp-content\/uploads\/2024\/06\/Barracas00035-1536x1024.jpg 1536w, https:\/\/www.philippeenquin.net\/wp-content\/uploads\/2024\/06\/Barracas00035-2048x1365.jpg 2048w, https:\/\/www.philippeenquin.net\/wp-content\/uploads\/2024\/06\/Barracas00035-669x446.jpg 669w, https:\/\/www.philippeenquin.net\/wp-content\/uploads\/2024\/06\/Barracas00035-320x213.jpg 320w, https:\/\/www.philippeenquin.net\/wp-content\/uploads\/2024\/06\/Barracas00035-700x467.jpg 700w, https:\/\/www.philippeenquin.net\/wp-content\/uploads\/2024\/06\/Barracas00035-66x44.jpg 66w, https:\/\/www.philippeenquin.net\/wp-content\/uploads\/2024\/06\/Barracas00035-200x133.jpg 200w, https:\/\/www.philippeenquin.net\/wp-content\/uploads\/2024\/06\/Barracas00035-400x267.jpg 400w, https:\/\/www.philippeenquin.net\/wp-content\/uploads\/2024\/06\/Barracas00035-600x400.jpg 600w, https:\/\/www.philippeenquin.net\/wp-content\/uploads\/2024\/06\/Barracas00035-800x533.jpg 800w, https:\/\/www.philippeenquin.net\/wp-content\/uploads\/2024\/06\/Barracas00035-1200x800.jpg 1200w, https:\/\/www.philippeenquin.net\/wp-content\/uploads\/2024\/06\/Barracas00035-940x627.jpg 940w, https:\/\/www.philippeenquin.net\/wp-content\/uploads\/2024\/06\/Barracas00035-540x360.jpg 540w, https:\/\/www.philippeenquin.net\/wp-content\/uploads\/2024\/06\/Barracas00035-460x307.jpg 460w, https:\/\/www.philippeenquin.net\/wp-content\/uploads\/2024\/06\/Barracas00035-177x118.jpg 177w\" sizes=\"auto, (max-width: 1024px) 100vw, 1024px\" \/><\/a><\/figure>\n\n\n<div style=\"height:5px\" aria-hidden=\"true\" class=\"wp-block-spacer\"><\/div>\n\n\n\n<div class=\"wp-block-group is-vertical is-nowrap is-layout-flex wp-container-core-group-is-layout-9bc6ff26 wp-block-group-is-layout-flex\"><h3 class=\"wp-block-post-title has-large-font-size\"><a href=\"https:\/\/www.philippeenquin.net\/es\/chroniques-de-buenos-aires\/theatre-communautaire-de-barracas\/\" target=\"_self\">Teatro Comunitario de Barracas<\/a><\/h3>\n\n<div class=\"wp-block-template-part\">\n<div class=\"wp-block-group is-layout-flow wp-block-group-is-layout-flow\">\n<div class=\"wp-block-group is-nowrap is-layout-flex wp-container-core-group-is-layout-17c695da wp-block-group-is-layout-flex\"><div style=\"font-size:clamp(0.929rem, 0.929rem + ((1vw - 0.2rem) * 0.698), 1.4rem)\" class=\"taxonomy-category has-text-align-center wp-block-post-terms\"><a href=\"https:\/\/www.philippeenquin.net\/es\/category\/chroniques-de-buenos-aires\/\" rel=\"tag\">Cr\u00f3nicas de Buenos Aires<\/a><\/div>\n\n<div class=\"has-text-align-center wp-block-post-date has-medium-font-size\"><time datetime=\"2024-06-29T22:00:00+02:00\">29 de junio de 2024<\/time><\/div><\/div>\n<\/div>\n<\/div><\/div>\n\n<\/li><li class=\"wp-block-post post-2974 post type-post status-publish format-standard has-post-thumbnail hentry category-chroniques-de-buenos-aires\">\n<figure style=\"aspect-ratio:auto;\" class=\"wp-block-post-featured-image\"><a href=\"https:\/\/www.philippeenquin.net\/es\/chroniques-de-buenos-aires\/partie-ii-collectif-fin-de-un-mundo-funo-2\/\" target=\"_self\"><img loading=\"lazy\" decoding=\"async\" width=\"1024\" height=\"683\" src=\"https:\/\/www.philippeenquin.net\/wp-content\/uploads\/2023\/09\/PORTADA-1024x683.jpg\" class=\"attachment-large size-large wp-post-image\" alt=\"Parte II: Colectivo Fin de Un muNdO - FUNO\" style=\"width:100%;height:100%;object-fit:cover;\" srcset=\"https:\/\/www.philippeenquin.net\/wp-content\/uploads\/2023\/09\/PORTADA-1024x683.jpg 1024w, https:\/\/www.philippeenquin.net\/wp-content\/uploads\/2023\/09\/PORTADA-300x200.jpg 300w, https:\/\/www.philippeenquin.net\/wp-content\/uploads\/2023\/09\/PORTADA-768x512.jpg 768w, https:\/\/www.philippeenquin.net\/wp-content\/uploads\/2023\/09\/PORTADA-1536x1024.jpg 1536w, https:\/\/www.philippeenquin.net\/wp-content\/uploads\/2023\/09\/PORTADA-2048x1365.jpg 2048w, https:\/\/www.philippeenquin.net\/wp-content\/uploads\/2023\/09\/PORTADA-200x133.jpg 200w, https:\/\/www.philippeenquin.net\/wp-content\/uploads\/2023\/09\/PORTADA-400x267.jpg 400w, https:\/\/www.philippeenquin.net\/wp-content\/uploads\/2023\/09\/PORTADA-600x400.jpg 600w, https:\/\/www.philippeenquin.net\/wp-content\/uploads\/2023\/09\/PORTADA-800x533.jpg 800w, https:\/\/www.philippeenquin.net\/wp-content\/uploads\/2023\/09\/PORTADA-1200x800.jpg 1200w\" sizes=\"auto, (max-width: 1024px) 100vw, 1024px\" \/><\/a><\/figure>\n\n\n<div style=\"height:5px\" aria-hidden=\"true\" class=\"wp-block-spacer\"><\/div>\n\n\n\n<div class=\"wp-block-group is-vertical is-nowrap is-layout-flex wp-container-core-group-is-layout-9bc6ff26 wp-block-group-is-layout-flex\"><h3 class=\"wp-block-post-title has-large-font-size\"><a href=\"https:\/\/www.philippeenquin.net\/es\/chroniques-de-buenos-aires\/partie-ii-collectif-fin-de-un-mundo-funo-2\/\" target=\"_self\">Parte II: Colectivo Fin de Un muNdO - FUNO<\/a><\/h3>\n\n<div class=\"wp-block-template-part\">\n<div class=\"wp-block-group is-layout-flow wp-block-group-is-layout-flow\">\n<div class=\"wp-block-group is-nowrap is-layout-flex wp-container-core-group-is-layout-17c695da wp-block-group-is-layout-flex\"><div style=\"font-size:clamp(0.929rem, 0.929rem + ((1vw - 0.2rem) * 0.698), 1.4rem)\" class=\"taxonomy-category has-text-align-center wp-block-post-terms\"><a href=\"https:\/\/www.philippeenquin.net\/es\/category\/chroniques-de-buenos-aires\/\" rel=\"tag\">Cr\u00f3nicas de Buenos Aires<\/a><\/div>\n\n<div class=\"has-text-align-center wp-block-post-date has-medium-font-size\"><time datetime=\"2023-09-13T09:13:07+02:00\">13 de septiembre de 2023<\/time><\/div><\/div>\n<\/div>\n<\/div><\/div>\n\n<\/li><\/ul><\/div>\n<\/div>\n<\/div>\n<\/div>\n\n\n\n<div class=\"wp-block-columns is-layout-flex wp-container-core-columns-is-layout-44468703 wp-block-columns-is-layout-flex\" style=\"border-radius:1rem;padding-top:var(--wp--preset--spacing--10);padding-right:var(--wp--preset--spacing--10);padding-bottom:var(--wp--preset--spacing--10);padding-left:var(--wp--preset--spacing--10)\">\n<div class=\"wp-block-column is-layout-flow wp-block-column-is-layout-flow\">\n<figure class=\"wp-block-image size-full has-custom-border\"><img loading=\"lazy\" decoding=\"async\" width=\"667\" height=\"1000\" src=\"https:\/\/www.philippeenquin.net\/wp-content\/uploads\/2020\/08\/4.jpg\" alt=\"\" class=\"wp-image-1445\" style=\"border-radius:5rem\" title=\"4\" srcset=\"https:\/\/www.philippeenquin.net\/wp-content\/uploads\/2020\/08\/4.jpg 667w, https:\/\/www.philippeenquin.net\/wp-content\/uploads\/2020\/08\/4-500x750.jpg 500w, https:\/\/www.philippeenquin.net\/wp-content\/uploads\/2020\/08\/4-200x300.jpg 200w, https:\/\/www.philippeenquin.net\/wp-content\/uploads\/2020\/08\/4-400x600.jpg 400w, https:\/\/www.philippeenquin.net\/wp-content\/uploads\/2020\/08\/4-600x900.jpg 600w\" sizes=\"auto, (max-width: 667px) 100vw, 667px\" \/><\/figure>\n<\/div>\n\n\n\n<div class=\"wp-block-column is-vertically-aligned-center is-layout-flow wp-block-column-is-layout-flow\">\n<div class=\"wp-block-group has-global-padding is-layout-constrained wp-container-core-group-is-layout-c9115f92 wp-block-group-is-layout-constrained\" style=\"padding-right:var(--wp--preset--spacing--20);padding-left:var(--wp--preset--spacing--20)\">\n<h2 class=\"wp-block-heading has-text-align-center is-style-asterisk\">Philippe Enquin<\/h2>\n\n\n\n<h3 class=\"wp-block-heading has-text-align-center is-style-default has-frank-ruhl-libre-font-family\">Buenos Aires, otra mirada<\/h3>\n\n\n\n<p class=\"has-text-align-center\">Durante tres a\u00f1os busqu\u00e9 trazar una pintura de un\u00a0 Buenos Aires diferente, alejada de los \u00ab clich\u00e9s \u00bb tur\u00eds ticos habituales. En mis viajes a Buenos Aires, realic\u00e9\u00a0 estas cr\u00f3nicas con reportajes, con fotos, entrevistas y videos, a personajes\u00a0 singulares y a emprendimientos excepcionales.<\/p>\n\n\n\n<p class=\"has-text-align-center\">En la totalidad de estos proyectos encontr\u00e9 una carac ter\u00edstica com\u00fan: la extraordinaria calidad humana\u00a0 de los participantes, caracterizada por una gran crea tividad, generosidad, empuje, positividad, apertura,\u00a0 sensibilidad social. Son estas cr\u00f3nicas  que reun\u00ed bajo el t\u00edtulo \u00ab\u00a0Buenos Aires, otra mirada\u00a0\u00bb.<\/p>\n\n\n\n<div class=\"wp-block-buttons is-content-justification-center is-layout-flex wp-container-core-buttons-is-layout-a89b3969 wp-block-buttons-is-layout-flex\">\n<div class=\"wp-block-button\" style=\"text-transform:uppercase\"><a class=\"wp-block-button__link wp-element-button\" href=\"\/es\/bio\/\">Biograf\u00eda<\/a><\/div>\n\n\n\n<div class=\"wp-block-button\"><a class=\"wp-block-button__link wp-element-button\" href=\"\/es\/pongase-en-contacto-con\/\">p\u00f3ngase en contacto con<\/a><\/div>\n<\/div>\n\n\n\n<ul class=\"wp-block-social-links aligncenter has-large-icon-size is-content-justification-center is-layout-flex wp-container-core-social-links-is-layout-a89b3969 wp-block-social-links-is-layout-flex\"><li class=\"wp-social-link wp-social-link-facebook  wp-block-social-link\"><a href=\"https:\/\/www.facebook.com\/enquinp\" class=\"wp-block-social-link-anchor\" target=\"_blank\" rel=\"noopener\"><svg width=\"24\" height=\"24\" viewbox=\"0 0 24 24\" version=\"1.1\" xmlns=\"http:\/\/www.w3.org\/2000\/svg\" aria-hidden=\"true\" focusable=\"false\"><path d=\"M12 2C6.5 2 2 6.5 2 12c0 5 3.7 9.1 8.4 9.9v-7H7.9V12h2.5V9.8c0-2.5 1.5-3.9 3.8-3.9 1.1 0 2.2.2 2.2.2v2.5h-1.3c-1.2 0-1.6.8-1.6 1.6V12h2.8l-.4 2.9h-2.3v7C18.3 21.1 22 17 22 12c0-5.5-4.5-10-10-10z\"><\/path><\/svg><span class=\"wp-block-social-link-label screen-reader-text\">Facebook<\/span><\/a><\/li>\n\n<li class=\"wp-social-link wp-social-link-instagram  wp-block-social-link\"><a href=\"https:\/\/www.instagram.com\/enquinp\/\" class=\"wp-block-social-link-anchor\" target=\"_blank\" rel=\"noopener\"><svg width=\"24\" height=\"24\" viewbox=\"0 0 24 24\" version=\"1.1\" xmlns=\"http:\/\/www.w3.org\/2000\/svg\" aria-hidden=\"true\" focusable=\"false\"><path d=\"M12,4.622c2.403,0,2.688,0.009,3.637,0.052c0.877,0.04,1.354,0.187,1.671,0.31c0.42,0.163,0.72,0.358,1.035,0.673 c0.315,0.315,0.51,0.615,0.673,1.035c0.123,0.317,0.27,0.794,0.31,1.671c0.043,0.949,0.052,1.234,0.052,3.637 s-0.009,2.688-0.052,3.637c-0.04,0.877-0.187,1.354-0.31,1.671c-0.163,0.42-0.358,0.72-0.673,1.035 c-0.315,0.315-0.615,0.51-1.035,0.673c-0.317,0.123-0.794,0.27-1.671,0.31c-0.949,0.043-1.233,0.052-3.637,0.052 s-2.688-0.009-3.637-0.052c-0.877-0.04-1.354-0.187-1.671-0.31c-0.42-0.163-0.72-0.358-1.035-0.673 c-0.315-0.315-0.51-0.615-0.673-1.035c-0.123-0.317-0.27-0.794-0.31-1.671C4.631,14.688,4.622,14.403,4.622,12 s0.009-2.688,0.052-3.637c0.04-0.877,0.187-1.354,0.31-1.671c0.163-0.42,0.358-0.72,0.673-1.035 c0.315-0.315,0.615-0.51,1.035-0.673c0.317-0.123,0.794-0.27,1.671-0.31C9.312,4.631,9.597,4.622,12,4.622 M12,3 C9.556,3,9.249,3.01,8.289,3.054C7.331,3.098,6.677,3.25,6.105,3.472C5.513,3.702,5.011,4.01,4.511,4.511 c-0.5,0.5-0.808,1.002-1.038,1.594C3.25,6.677,3.098,7.331,3.054,8.289C3.01,9.249,3,9.556,3,12c0,2.444,0.01,2.751,0.054,3.711 c0.044,0.958,0.196,1.612,0.418,2.185c0.23,0.592,0.538,1.094,1.038,1.594c0.5,0.5,1.002,0.808,1.594,1.038 c0.572,0.222,1.227,0.375,2.185,0.418C9.249,20.99,9.556,21,12,21s2.751-0.01,3.711-0.054c0.958-0.044,1.612-0.196,2.185-0.418 c0.592-0.23,1.094-0.538,1.594-1.038c0.5-0.5,0.808-1.002,1.038-1.594c0.222-0.572,0.375-1.227,0.418-2.185 C20.99,14.751,21,14.444,21,12s-0.01-2.751-0.054-3.711c-0.044-0.958-0.196-1.612-0.418-2.185c-0.23-0.592-0.538-1.094-1.038-1.594 c-0.5-0.5-1.002-0.808-1.594-1.038c-0.572-0.222-1.227-0.375-2.185-0.418C14.751,3.01,14.444,3,12,3L12,3z M12,7.378 c-2.552,0-4.622,2.069-4.622,4.622S9.448,16.622,12,16.622s4.622-2.069,4.622-4.622S14.552,7.378,12,7.378z M12,15 c-1.657,0-3-1.343-3-3s1.343-3,3-3s3,1.343,3,3S13.657,15,12,15z M16.804,6.116c-0.596,0-1.08,0.484-1.08,1.08 s0.484,1.08,1.08,1.08c0.596,0,1.08-0.484,1.08-1.08S17.401,6.116,16.804,6.116z\"><\/path><\/svg><span class=\"wp-block-social-link-label screen-reader-text\">Instagram<\/span><\/a><\/li><\/ul>\n<\/div>\n<\/div>\n<\/div>\n\n\n\n<div class=\"wp-block-group alignwide has-border-color has-base-2-border-color has-global-padding is-layout-constrained wp-container-core-group-is-layout-74a7cd9b wp-block-group-is-layout-constrained\" style=\"border-width:1px;padding-top:var(--wp--preset--spacing--40);padding-right:var(--wp--preset--spacing--20);padding-bottom:var(--wp--preset--spacing--40);padding-left:var(--wp--preset--spacing--20)\">\n<h2 class=\"wp-block-heading has-text-align-center\"><strong>DESDE MI BALC\u00d3N - El Libro<\/strong><\/h2>\n\n\n\n<div style=\"height:var(--wp--preset--spacing--10)\" aria-hidden=\"true\" class=\"wp-block-spacer\"><\/div>\n\n\n\n<div class=\"wp-block-columns alignwide is-layout-flex wp-container-core-columns-is-layout-e0e4babd wp-block-columns-is-layout-flex\" style=\"padding-right:0;padding-left:0\">\n<div class=\"wp-block-column is-layout-flow wp-block-column-is-layout-flow\">\n<figure data-wp-context=\"{&quot;imageId&quot;:&quot;69f3826e2179f&quot;}\" data-wp-interactive=\"core\/image\" data-wp-key=\"69f3826e2179f\" class=\"wp-block-image size-full wp-lightbox-container\"><img loading=\"lazy\" decoding=\"async\" width=\"1134\" height=\"850\" data-wp-class--hide=\"state.isContentHidden\" data-wp-class--show=\"state.isContentVisible\" data-wp-init=\"callbacks.setButtonStyles\" data-wp-on--click=\"actions.showLightbox\" data-wp-on--load=\"callbacks.setButtonStyles\" data-wp-on-window--resize=\"callbacks.setButtonStyles\" src=\"https:\/\/www.philippeenquin.net\/wp-content\/uploads\/2021\/03\/Test_3_Light.gif\" alt=\"Presentaci\u00f3n del libro Depuis Mon Balcon\" class=\"wp-image-2227\" title=\"Prueba_3_Luz\"\/><button\n\t\t\tclass=\"lightbox-trigger\"\n\t\t\ttype=\"button\"\n\t\t\taria-haspopup=\"dialog\"\n\t\t\taria-label=\"Agrandar\"\n\t\t\tdata-wp-init=\"callbacks.initTriggerButton\"\n\t\t\tdata-wp-on--click=\"actions.showLightbox\"\n\t\t\tdata-wp-style--right=\"state.imageButtonRight\"\n\t\t\tdata-wp-style--top=\"state.imageButtonTop\"\n\t\t>\n\t\t\t<svg xmlns=\"http:\/\/www.w3.org\/2000\/svg\" width=\"12\" height=\"12\" fill=\"none\" viewbox=\"0 0 12 12\">\n\t\t\t\t<path fill=\"#fff\" d=\"M2 0a2 2 0 0 0-2 2v2h1.5V2a.5.5 0 0 1 .5-.5h2V0H2Zm2 10.5H2a.5.5 0 0 1-.5-.5V8H0v2a2 2 0 0 0 2 2h2v-1.5ZM8 12v-1.5h2a.5.5 0 0 0 .5-.5V8H12v2a2 2 0 0 1-2 2H8Zm2-12a2 2 0 0 1 2 2v2h-1.5V2a.5.5 0 0 0-.5-.5H8V0h2Z\" \/>\n\t\t\t<\/svg>\n\t\t<\/button><\/figure>\n<\/div>\n\n\n\n<div class=\"wp-block-column is-vertically-aligned-center is-layout-flow wp-block-column-is-layout-flow\" style=\"padding-top:0;padding-right:0;padding-bottom:0;padding-left:0\">\n<div class=\"wp-block-group has-global-padding is-layout-constrained wp-container-core-group-is-layout-97829e9f wp-block-group-is-layout-constrained\" style=\"padding-right:var(--wp--preset--spacing--40);padding-left:var(--wp--preset--spacing--40)\">\n<p><strong>Cr\u00f3nicas de un encierro parisino<\/strong><\/p>\n\n\n\n<p><strong>Libro con 140 fotos tomadas desde mi balc\u00f3n.<\/strong><\/p>\n\n\n\n<p>Un relato \u00fanico de los dos meses de confinamiento en Par\u00eds.<\/p>\n\n\n\n<div class=\"wp-block-buttons is-content-justification-center is-layout-flex wp-container-core-buttons-is-layout-a89b3969 wp-block-buttons-is-layout-flex\">\n<div class=\"wp-block-button\" style=\"text-transform:uppercase\"><a class=\"wp-block-button__link wp-element-button\" href=\"\/es\/desde-mi-balcon\/\">Blog - Desde mi balc\u00f3n<\/a><\/div>\n\n\n\n<div class=\"wp-block-button\"><a class=\"wp-block-button__link wp-element-button\" href=\"\/es\/libro\/\">El Libro<\/a><\/div>\n<\/div>\n<\/div>\n<\/div>\n<\/div>\n\n\n\n<div style=\"height:24px\" aria-hidden=\"true\" class=\"wp-block-spacer\"><\/div>\n\n\n\n<h3 class=\"wp-block-heading has-text-align-center\" id=\"acheter-livre\"><strong>Comprar el libro<\/strong><\/h3>\n\n\n\n<div class=\"wp-block-columns alignwide is-layout-flex wp-container-core-columns-is-layout-e11a2142 wp-block-columns-is-layout-flex\" style=\"padding-right:var(--wp--preset--spacing--40);padding-left:var(--wp--preset--spacing--40)\">\n<div class=\"wp-block-column is-vertically-aligned-top is-layout-flow wp-container-core-column-is-layout-92c44e9e wp-block-column-is-layout-flow\" style=\"padding-top:0;padding-bottom:0;flex-basis:67%\">\n<div class=\"wp-block-columns is-layout-flex wp-container-core-columns-is-layout-a78cec12 wp-block-columns-is-layout-flex\" style=\"margin-top:var(--wp--preset--spacing--10);margin-bottom:0\">\n<div class=\"wp-block-column is-vertically-aligned-center is-layout-flow wp-block-column-is-layout-flow\">\n<h4 class=\"wp-block-heading has-text-align-center\"><strong>En las librer\u00edas<\/strong><\/h4>\n\n\n\n<div class=\"wp-block-group is-vertical is-content-justification-center is-layout-flex wp-container-core-group-is-layout-6329a8f3 wp-block-group-is-layout-flex\">\n<p class=\"has-text-align-center\"><strong>El peat\u00f3n de Par\u00eds<\/strong><br>58 rue de l'Hotel de Ville 75004 Paris<\/p>\n\n\n\n<p class=\"has-text-align-center\"><strong>La Com\u00e8te<\/strong><br>29 rue des R\u00e9collets, 75010 Par\u00eds<\/p>\n\n\n\n<p class=\"has-text-align-center\"><strong>Appel Plein Ciel<\/strong><br>Bd Voltaire 75011 Par\u00eds<\/p>\n<\/div>\n<\/div>\n\n\n\n<div class=\"wp-block-column is-vertically-aligned-center is-layout-flow wp-block-column-is-layout-flow\">\n<div class=\"wp-block-group is-vertical is-content-justification-center is-layout-flex wp-container-core-group-is-layout-3b2b917d wp-block-group-is-layout-flex\">\n<p class=\"has-text-align-center\"><strong>Librer\u00eda L'Acacia<\/strong><br>33 Bd du Temple, 75003 Par\u00eds<\/p>\n\n\n\n<p class=\"has-text-align-center\"><strong>La terraza Gutenberg<\/strong><br>9 rue Emilio Castelar 75012 Par\u00eds<\/p>\n\n\n\n<p class=\"has-text-align-center\"><strong>Cafeter\u00eda Nicole Maruani<\/strong><br>171 Boulevard Vincent Auriol, 75013<\/p>\n\n\n\n<p><strong>Fnac Saint-Lazare<\/strong><\/p>\n<\/div>\n<\/div>\n<\/div>\n<\/div>\n\n\n\n<div class=\"wp-block-column is-vertically-aligned-top is-layout-flow wp-block-column-is-layout-flow\" style=\"flex-basis:33%\">\n<h4 class=\"wp-block-heading has-text-align-center\"><strong>En l\u00ednea<\/strong><\/h4>\n\n\n\n<div class=\"wp-block-buttons is-content-justification-center is-layout-flex wp-container-core-buttons-is-layout-a89b3969 wp-block-buttons-is-layout-flex\">\n<div class=\"wp-block-button\"><a class=\"wp-block-button__link wp-element-button\" href=\"https:\/\/www.fnac.com\/SearchResult\/ResultList.aspx?SCat=0%211&amp;Search=chroniques+de+mon+balcon&amp;sft=1&amp;sa=0\" target=\"_blank\" rel=\"noreferrer noopener\">FNAC \ud83e\uddfa<\/a><\/div>\n\n\n\n<div class=\"wp-block-button\"><a class=\"wp-block-button__link wp-element-button\" href=\"https:\/\/www.amazon.fr\/mon-balcon-Chroniques-confinement-parisien\/dp\/2957541009\/ref=pd_rhf_dp_p_img_4?_encoding=UTF8&amp;psc=1&amp;refRID=EK48KEK6TXKKH7P2XRZS\" target=\"_blank\" rel=\"noreferrer noopener\">AMAZON \ud83e\uddfa<\/a><\/div>\n<\/div>\n<\/div>\n<\/div>\n<\/div>\n\n\n\n<div class=\"wp-block-group alignwide has-global-padding is-layout-constrained wp-block-group-is-layout-constrained\" style=\"padding-top:var(--wp--preset--spacing--40);padding-bottom:var(--wp--preset--spacing--40)\">\n<h2 class=\"wp-block-heading has-text-align-center is-style-asterisk\">Cobertura medi\u00e1tica<\/h2>\n\n\n\n<div class=\"wp-block-group alignwide has-border-color has-base-2-border-color has-global-padding is-layout-constrained wp-container-core-group-is-layout-21b780dc wp-block-group-is-layout-constrained\" style=\"border-width:1px;padding-top:var(--wp--preset--spacing--40);padding-right:var(--wp--preset--spacing--20);padding-bottom:var(--wp--preset--spacing--40);padding-left:var(--wp--preset--spacing--20)\">\n<h3 class=\"wp-block-heading has-text-align-center\">Entrevista Radio J 94.8<\/h3>\n\n\n\n<p class=\"has-text-align-center\">Julio de 2022<\/p>\n\n\n\n<figure class=\"wp-block-audio alignwide\"><audio controls src=\"https:\/\/www.philippeenquin.net\/wp-content\/uploads\/2022\/07\/WhatsApp-Audio-2022-07-25-at-19-mp3cut.net_.mp3\" preload=\"none\"><\/audio><\/figure>\n<\/div>\n\n\n\n<div data-wp-interactive=\"core\/file\" class=\"wp-block-file alignwide\"><object data-wp-bind--hidden=\"!state.hasPdfPreview\" hidden class=\"wp-block-file__embed\" data=\"https:\/\/www.philippeenquin.net\/wp-content\/uploads\/2021\/05\/Le-Figaro-consacre-le-15-mars-2021.pdf\" type=\"application\/pdf\" style=\"width:100%;height:1000px\" aria-label=\"Incrustado de Le Figaro, 15 de marzo de 2021.\"><\/object><a id=\"wp-block-file--media-0e799fce-6d05-481b-8e7c-ce3e6c7377d2\" href=\"https:\/\/www.philippeenquin.net\/wp-content\/uploads\/2021\/05\/Le-Figaro-consacre-le-15-mars-2021.pdf\">Le Figaro, 15 de marzo de 2021<\/a><\/div>\n\n\n\n<figure class=\"wp-block-video alignwide\"><video height=\"720\" style=\"aspect-ratio: 1280 \/ 720;\" width=\"1280\" controls src=\"https:\/\/www.philippeenquin.net\/wp-content\/uploads\/2021\/03\/ARCH_Des_cliches_de_Paris_au_temps_du_1er_con.mp4\" playsinline><\/video><\/figure>\n\n\n\n<div class=\"wp-block-columns alignwide has-border-color has-base-2-border-color is-layout-flex wp-container-core-columns-is-layout-74d018ca wp-block-columns-is-layout-flex\" style=\"border-width:1px;padding-top:var(--wp--preset--spacing--20);padding-right:var(--wp--preset--spacing--20);padding-bottom:var(--wp--preset--spacing--20);padding-left:var(--wp--preset--spacing--20)\">\n<div class=\"wp-block-column is-layout-flow wp-block-column-is-layout-flow\" style=\"flex-basis:33.33%\">\n<figure class=\"wp-block-image size-full\"><img loading=\"lazy\" decoding=\"async\" width=\"400\" height=\"400\" src=\"https:\/\/www.philippeenquin.net\/wp-content\/uploads\/2024\/08\/Mathilde-Munos-France-Inter-Le-confinement-en-140-photos-Mardi-16-Mars-2021-mp3-image.jpg\" alt=\"Mathilde Munos - Le 5\/7 - Francia Inter\" class=\"wp-image-3325\" srcset=\"https:\/\/www.philippeenquin.net\/wp-content\/uploads\/2024\/08\/Mathilde-Munos-France-Inter-Le-confinement-en-140-photos-Mardi-16-Mars-2021-mp3-image.jpg 400w, https:\/\/www.philippeenquin.net\/wp-content\/uploads\/2024\/08\/Mathilde-Munos-France-Inter-Le-confinement-en-140-photos-Mardi-16-Mars-2021-mp3-image-300x300.jpg 300w, https:\/\/www.philippeenquin.net\/wp-content\/uploads\/2024\/08\/Mathilde-Munos-France-Inter-Le-confinement-en-140-photos-Mardi-16-Mars-2021-mp3-image-150x150.jpg 150w\" sizes=\"auto, (max-width: 400px) 100vw, 400px\" \/><\/figure>\n<\/div>\n\n\n\n<div class=\"wp-block-column is-vertically-aligned-center is-layout-flow wp-block-column-is-layout-flow\" style=\"flex-basis:66.66%\">\n<h3 class=\"wp-block-heading alignwide has-text-align-left\">La contenci\u00f3n en 140 fotos, con Philippe Enquin<\/h3>\n\n\n\n<figure class=\"wp-block-audio\"><audio controls src=\"https:\/\/www.philippeenquin.net\/wp-content\/uploads\/2024\/08\/Mathilde-Munos-France-Inter-Le-confinement-en-140-photos-Mardi-16-Mars-2021.mp3\" preload=\"none\"><\/audio><\/figure>\n\n\n\n<p>Martes 16 de marzo de 2021, por Mathilde Munos - France Inter<\/p>\n<\/div>\n<\/div>\n\n\n\n<!-- Podcast France Inter https:\/\/embed.radiofrance.fr\/franceinter\/player?id_diffusion=34193210-d45e-4cab-9112-6060da194c08 -->\n\n\n\n<figure data-wp-context=\"{&quot;imageId&quot;:&quot;69f3826e2282e&quot;}\" data-wp-interactive=\"core\/image\" data-wp-key=\"69f3826e2282e\" class=\"wp-block-image alignwide size-full wp-lightbox-container\"><img loading=\"lazy\" decoding=\"async\" width=\"1778\" height=\"955\" data-wp-class--hide=\"state.isContentHidden\" data-wp-class--show=\"state.isContentVisible\" data-wp-init=\"callbacks.setButtonStyles\" data-wp-on--click=\"actions.showLightbox\" data-wp-on--load=\"callbacks.setButtonStyles\" data-wp-on-window--resize=\"callbacks.setButtonStyles\" src=\"https:\/\/www.philippeenquin.net\/wp-content\/uploads\/2021\/03\/Opera-Instantane_2021-03-01_190749_a-vos-marques-tapage.fr_.png\" alt=\"T\u00edtulo de la secci\u00f3n: Arts et essais N\u00b052Publicado por: Christine Le Garrec el 26 de febrero de 2021Contenido: Se trata de una portada para una secci\u00f3n dedicada a documentales, artes y ensayos. La imagen de la derecha muestra la portada de un libro titulado &quot;De mon balcon: Chroniques d&#039;un confinement parisien&quot; de Philippe Enquin, con pr\u00f3logo de Alain Kleinmann.\" class=\"wp-image-2187\" title=\"Opera Instantan\u00e9_2021-03-01_190749_a-vos-marques-tapage.fr\" srcset=\"https:\/\/www.philippeenquin.net\/wp-content\/uploads\/2021\/03\/Opera-Instantane_2021-03-01_190749_a-vos-marques-tapage.fr_.png 1778w, https:\/\/www.philippeenquin.net\/wp-content\/uploads\/2021\/03\/Opera-Instantane_2021-03-01_190749_a-vos-marques-tapage.fr_-300x161.png 300w, https:\/\/www.philippeenquin.net\/wp-content\/uploads\/2021\/03\/Opera-Instantane_2021-03-01_190749_a-vos-marques-tapage.fr_-1024x550.png 1024w, https:\/\/www.philippeenquin.net\/wp-content\/uploads\/2021\/03\/Opera-Instantane_2021-03-01_190749_a-vos-marques-tapage.fr_-768x413.png 768w, https:\/\/www.philippeenquin.net\/wp-content\/uploads\/2021\/03\/Opera-Instantane_2021-03-01_190749_a-vos-marques-tapage.fr_-1536x825.png 1536w, https:\/\/www.philippeenquin.net\/wp-content\/uploads\/2021\/03\/Opera-Instantane_2021-03-01_190749_a-vos-marques-tapage.fr_-200x107.png 200w, https:\/\/www.philippeenquin.net\/wp-content\/uploads\/2021\/03\/Opera-Instantane_2021-03-01_190749_a-vos-marques-tapage.fr_-400x215.png 400w, https:\/\/www.philippeenquin.net\/wp-content\/uploads\/2021\/03\/Opera-Instantane_2021-03-01_190749_a-vos-marques-tapage.fr_-600x322.png 600w, https:\/\/www.philippeenquin.net\/wp-content\/uploads\/2021\/03\/Opera-Instantane_2021-03-01_190749_a-vos-marques-tapage.fr_-800x430.png 800w, https:\/\/www.philippeenquin.net\/wp-content\/uploads\/2021\/03\/Opera-Instantane_2021-03-01_190749_a-vos-marques-tapage.fr_-1200x645.png 1200w\" sizes=\"auto, (max-width: 1778px) 100vw, 1778px\" \/><button\n\t\t\tclass=\"lightbox-trigger\"\n\t\t\ttype=\"button\"\n\t\t\taria-haspopup=\"dialog\"\n\t\t\taria-label=\"Agrandar\"\n\t\t\tdata-wp-init=\"callbacks.initTriggerButton\"\n\t\t\tdata-wp-on--click=\"actions.showLightbox\"\n\t\t\tdata-wp-style--right=\"state.imageButtonRight\"\n\t\t\tdata-wp-style--top=\"state.imageButtonTop\"\n\t\t>\n\t\t\t<svg xmlns=\"http:\/\/www.w3.org\/2000\/svg\" width=\"12\" height=\"12\" fill=\"none\" viewbox=\"0 0 12 12\">\n\t\t\t\t<path fill=\"#fff\" d=\"M2 0a2 2 0 0 0-2 2v2h1.5V2a.5.5 0 0 1 .5-.5h2V0H2Zm2 10.5H2a.5.5 0 0 1-.5-.5V8H0v2a2 2 0 0 0 2 2h2v-1.5ZM8 12v-1.5h2a.5.5 0 0 0 .5-.5V8H12v2a2 2 0 0 1-2 2H8Zm2-12a2 2 0 0 1 2 2v2h-1.5V2a.5.5 0 0 0-.5-.5H8V0h2Z\" \/>\n\t\t\t<\/svg>\n\t\t<\/button><\/figure>\n\n\n\n<div class=\"wp-block-columns alignwide is-layout-flex wp-container-core-columns-is-layout-28f84493 wp-block-columns-is-layout-flex\">\n<div class=\"wp-block-column is-layout-flow wp-block-column-is-layout-flow\">\n<p>Capturadas durante los confines de la primavera de 2020, bajo la mirada ben\u00e9vola y traviesa de un fot\u00f3grafo de 85 a\u00f1os, las fotos de este \u00e1lbum dan testimonio de una primavera ins\u00f3lita... Tiendas cerradas (al menos las \"no esenciales\"...), calles vac\u00edas y por fin respirables, donde los p\u00e1jaros retozan y la naturaleza reclama sus derechos sin el estruendo contaminante del tr\u00e1fico... Algunos trabajadores para evitar el caos, algunos coches en la calzada...), las calles de Par\u00eds vac\u00edas y por fin respirables, donde los p\u00e1jaros retozan y la naturaleza reclama sus derechos sin el fragor contaminante del tr\u00e1fico... Unos cuantos trabajadores para evitar el caos, transe\u00fantes despreocupados disfrutando del sol primaveral, enamorados abraz\u00e1ndose, gente con prisa, cargada con su provisi\u00f3n de papel higi\u00e9nico (\u00a1uno de los grandes misterios del encierro, a\u00fan sin resolver!), gente en sus ventanas charlando con sus vecinos y aplaudiendo a los cuidadores cada noche para rendirles homenaje... Los sin techo, m\u00e1s visibles en calles que les devuelven a su soledad, puntuada \u00fanicamente por los gestos amables de transe\u00fantes emp\u00e1ticos y por el paso de trabajadores de la caridad... Deportistas, ciclistas, lectores absortos en sus libros, ni\u00f1os redescubriendo, por un momento demasiado breve, el esp\u00edritu despreocupado de una libertad reci\u00e9n encontrada...<\/p>\n<\/div>\n\n\n\n<div class=\"wp-block-column is-layout-flow wp-block-column-is-layout-flow\">\n<p>Cada foto, en un profundo y luminoso blanco y negro, relata esos peque\u00f1os momentos de una cotidianidad sin precedentes, en \"chispazos de humanidad\", comentados con tanto humor como ternura. El reportaje fotogr\u00e1fico de Philippe Enquinn nos devuelve la fe en una humanidad que, si bien es capaz de lo peor, tambi\u00e9n puede ser capaz de lo mejor: al captar desde su balc\u00f3n las efusiones de fraternidad que tambi\u00e9n florecieron en esta extra\u00f1a primavera, tiende un suave velo sobre la atm\u00f3sfera de gravedad que pes\u00f3 sobre todos nosotros durante este periodo tan angustioso. No podr\u00eda hablar mejor de \u00e9l que <strong><a href=\"http:\/\/francoismorel.com\/\" target=\"_blank\" rel=\"noopener\">Fran\u00e7ois Morel<\/a> <\/strong>que escribi\u00f3 el elogioso pre\u00e1mbulo de este libro \"testimonial\". Sus fotos no reflejan el zeitgeist, sino el aliento del momento, cuando la vida no se resigna a rendirse, cuando el humor se convierte en un acto de valent\u00eda, cuando una mirada amable se convierte en la mejor arma para resistir a la melancol\u00eda\". Gracias, Sr. Enquin, por ofrecernos esta antolog\u00eda de retazos de vida tan conmovedores como esperanzadores para un mundo mejor...<\/p>\n<\/div>\n<\/div>\n\n\n\n<div style=\"height:var(--wp--preset--spacing--50)\" aria-hidden=\"true\" class=\"wp-block-spacer\"><\/div>\n\n\n\n<figure data-wp-context=\"{&quot;imageId&quot;:&quot;69f3826e22c20&quot;}\" data-wp-interactive=\"core\/image\" data-wp-key=\"69f3826e22c20\" class=\"wp-block-image aligncenter size-full wp-lightbox-container\"><img loading=\"lazy\" decoding=\"async\" width=\"1985\" height=\"2217\" data-wp-class--hide=\"state.isContentHidden\" data-wp-class--show=\"state.isContentVisible\" data-wp-init=\"callbacks.setButtonStyles\" data-wp-on--click=\"actions.showLightbox\" data-wp-on--load=\"callbacks.setButtonStyles\" data-wp-on-window--resize=\"callbacks.setButtonStyles\" src=\"https:\/\/www.philippeenquin.net\/wp-content\/uploads\/2020\/12\/edit3.jpg\" alt=\"\u00ceLE-DE-FRANCE &amp; OISEL actualit\u00e9 de vos d\u00e9partementsDesde su balc\u00f3n, fotografi\u00f3 la vida durante el encierroPhilippe Enquin tom\u00f3 m\u00e1s de 3.000 instant\u00e1neas. Vive cerca de tres grandes plazas, encrucijada de manifestaciones y desfiles festivos, en el coraz\u00f3n de un Par\u00eds habitualmente inundado de bares y terrazas. Durante el encierro, que termina el lunes, se ha instalado detr\u00e1s de su escritorio en el 8\u00ba piso del Boulevard Voltaire. Philippe Enquin dibuja sus rasgos y su silueta. Archivar nunca ha sido tanto un acto colectivo. Iluminado por la vida cotidiana de Par\u00eds en este ambiente tan especial, fotograf\u00eda el mundo. Una experiencia singular. Una mirada al mundo y a sus habitantes a trav\u00e9s del encierro, que le convirti\u00f3 en un artista reconocido&quot;. F... you Covid-19!&quot; parece resonar en la fachada de su edificio, y \u00e9l lo ha convertido en un libro a imagen de una conejera de habitantes, a caballo entre la raz\u00f3n, la poes\u00eda, el orden, la preocupaci\u00f3n y el desollamiento&quot;. Aquel periodo fue una luz excepcional. La fe es muy ben\u00e9fica, no hab\u00eda contaminaci\u00f3n, una atm\u00f3sfera de silencio casi espiritual. PHILIPPE ENQUIN**&quot; Este primer encierro encarn\u00f3 la memoria de la casa, una gran epopeya humana que a todos nos devolver\u00eda a la singularidad de lo que experimentamos en la vida, manteniendo el \u00e1nimo a pesar de la esperanza. La emoci\u00f3n sigue ah\u00ed y, en cualquier caso, es un periodo que nunca habr\u00eda expresado. Durante esos dos meses, desde las ventanas del edificio, miles de rostros se me acercaban desde la calle para expresarme su dolor. Pude fotografiar a un hombre apoyado en un edificio, tocarle con la mirada, y las calles de la capital y los balcones, llenos de amor, parec\u00edan renacer bajo mi mirada. Philippe ha volcado su coraz\u00f3n en este libro, y cada cap\u00edtulo es una revelaci\u00f3n. He visto, o\u00eddo y sentido esta historia; es nuestra, vuestra. El encierro transcurri\u00f3 en un silencio impresionante. En primavera, cuando el sol entr\u00f3 en nuestros corazones, las conversaciones en el Caf\u00e9 du Commerce ya no estaban prohibidas, la primavera estaba aqu\u00ed. El pintor Alain Kleinmann escribi\u00f3 el prefacio. Gracias a estas personas existe este libro&quot;, concluye Philippe Enquin. Tambi\u00e9n soy consciente de que De mon balcon es una visi\u00f3n privilegiada. Es la visi\u00f3n de alguien que vive en un piso c\u00f3modo en un barrio agradable, que no va a perder sus ingresos, que no tiene que arriesgar su salud a diario. Las personas que viven en un piso peque\u00f1o con toda su familia, que trabajan en primera o segunda l\u00ednea, que han perdido su empleo, no pueden tener la misma visi\u00f3n. Soy consciente de que gracias a mi posici\u00f3n privilegiada he podido tener una visi\u00f3n bastante tierna del encierro&quot;. &quot;Fran\u00e7ois Morel ha aceptado escribir un prefacio para el libro.Las fotos de este artista, aislado, fotografiado y a menudo inmortalizado, no est\u00e1n ah\u00ed para un recuerdo. Est\u00e1n ah\u00ed para rendir homenaje a este periodo de resiliencia que ha pasado por cada uno de nosotros.\" class=\"wp-image-2154\" title=\"editar3\" srcset=\"https:\/\/www.philippeenquin.net\/wp-content\/uploads\/2020\/12\/edit3.jpg 1985w, https:\/\/www.philippeenquin.net\/wp-content\/uploads\/2020\/12\/edit3-269x300.jpg 269w, https:\/\/www.philippeenquin.net\/wp-content\/uploads\/2020\/12\/edit3-917x1024.jpg 917w, https:\/\/www.philippeenquin.net\/wp-content\/uploads\/2020\/12\/edit3-768x858.jpg 768w, https:\/\/www.philippeenquin.net\/wp-content\/uploads\/2020\/12\/edit3-1375x1536.jpg 1375w, https:\/\/www.philippeenquin.net\/wp-content\/uploads\/2020\/12\/edit3-1834x2048.jpg 1834w, https:\/\/www.philippeenquin.net\/wp-content\/uploads\/2020\/12\/edit3-200x223.jpg 200w, https:\/\/www.philippeenquin.net\/wp-content\/uploads\/2020\/12\/edit3-400x447.jpg 400w, https:\/\/www.philippeenquin.net\/wp-content\/uploads\/2020\/12\/edit3-600x670.jpg 600w, https:\/\/www.philippeenquin.net\/wp-content\/uploads\/2020\/12\/edit3-800x894.jpg 800w, https:\/\/www.philippeenquin.net\/wp-content\/uploads\/2020\/12\/edit3-1200x1340.jpg 1200w\" sizes=\"auto, (max-width: 1985px) 100vw, 1985px\" \/><button\n\t\t\tclass=\"lightbox-trigger\"\n\t\t\ttype=\"button\"\n\t\t\taria-haspopup=\"dialog\"\n\t\t\taria-label=\"Agrandar\"\n\t\t\tdata-wp-init=\"callbacks.initTriggerButton\"\n\t\t\tdata-wp-on--click=\"actions.showLightbox\"\n\t\t\tdata-wp-style--right=\"state.imageButtonRight\"\n\t\t\tdata-wp-style--top=\"state.imageButtonTop\"\n\t\t>\n\t\t\t<svg xmlns=\"http:\/\/www.w3.org\/2000\/svg\" width=\"12\" height=\"12\" fill=\"none\" viewbox=\"0 0 12 12\">\n\t\t\t\t<path fill=\"#fff\" d=\"M2 0a2 2 0 0 0-2 2v2h1.5V2a.5.5 0 0 1 .5-.5h2V0H2Zm2 10.5H2a.5.5 0 0 1-.5-.5V8H0v2a2 2 0 0 0 2 2h2v-1.5ZM8 12v-1.5h2a.5.5 0 0 0 .5-.5V8H12v2a2 2 0 0 1-2 2H8Zm2-12a2 2 0 0 1 2 2v2h-1.5V2a.5.5 0 0 0-.5-.5H8V0h2Z\" \/>\n\t\t\t<\/svg>\n\t\t<\/button><figcaption class=\"wp-element-caption\">Le Parisien Paris-\u00cele de France, s\u00e1bado 19 de diciembre<\/figcaption><\/figure>\n\n\n\n<figure data-wp-context=\"{&quot;imageId&quot;:&quot;69f3826e22f09&quot;}\" data-wp-interactive=\"core\/image\" data-wp-key=\"69f3826e22f09\" class=\"wp-block-image aligncenter size-full wp-lightbox-container\"><img loading=\"lazy\" decoding=\"async\" width=\"1154\" height=\"1650\" data-wp-class--hide=\"state.isContentHidden\" data-wp-class--show=\"state.isContentVisible\" data-wp-init=\"callbacks.setButtonStyles\" data-wp-on--click=\"actions.showLightbox\" data-wp-on--load=\"callbacks.setButtonStyles\" data-wp-on-window--resize=\"callbacks.setButtonStyles\" src=\"https:\/\/www.philippeenquin.net\/wp-content\/uploads\/2020\/11\/TENOUA_182_Ph_ENQUIN-page-001-1.jpg\" alt=\"CONSEJO DE LECTURA DEL EDITORPHILIPPE ENQUINDE MON BALCON Chroniques d&#039;un confinement parisienPreamble de Fran\u00e7ois MOREL,Pr\u00f3logo de Alain KLEINMANNwww.philippeenquin.net2020, 29 \u20acCuando Philippe Enquin nos present\u00f3 su proyecto, reconozc\u00e1moslo, no sab\u00edamos qu\u00e9 esperar. Se present\u00f3 como un parisino de 85 a\u00f1os, nacido en Argentina, que hab\u00eda pasado parte de su reclusi\u00f3n fotografiando este extra\u00f1o Par\u00eds desde su balc\u00f3n Haussmann. A lo largo de un centenar de p\u00e1ginas se despliega un mundo diferente y tranquilo, un mundo enmascarado donde se puede leer el peri\u00f3dico mientras se cruza la calle, donde los amigos hablan entre s\u00ed a cuatro pisos de distancia, donde los vecinos se descubren mientras aplauden a las ocho de la tarde. La presencia de los sin techo y de otros residentes de &quot;primera l\u00ednea&quot; es a\u00fan m\u00e1s notable. Estas fotos del encierro son radicalmente conmovedoras, humanas y, a menudo, tambi\u00e9n alegres. As\u00ed que, ahora que el confinamiento ha pasado, y luego ha vuelto, y seguimos sin saber, y entendemos a\u00fan menos, s\u00ed, nos hace bien decirnos al mirar este libro, gam zou letovah, esto tambi\u00e9n es para bien&quot;. Sent\u00ed una atm\u00f3sfera muy especial de gravedad y fraternidad durante este periodo&quot;, escribe el autor. En total, deb\u00ed de hacer m\u00e1s de 3.000 fotos. Las 140 seleccionadas ilustran, gracias a la complicidad a menudo involuntaria de mis modelos, los destellos de humanidad que intento captar.Sin ser angelical, se\u00f1ala no obstante que es &quot;consciente de que Desde mi balc\u00f3n tengo una vista privilegiada. Es la vista de alguien que vive en un piso confortable con un gran balc\u00f3n, en un barrio bonito, que no va a perder sus ingresos, que no tiene que arriesgar su salud a diario. Los que viven en un piso peque\u00f1o con toda su familia, que trabajan en primera o segunda l\u00ednea, que han perdido su empleo, no pueden tener la misma perspectiva. Soy consciente de que gracias a mi posici\u00f3n privilegiada he podido tener una visi\u00f3n m\u00e1s bien tierna del encierro&quot;, escribe el artista Alain Kleinmann en su prefacio, &quot;mostr\u00e1ndonos que la vida ha conseguido seguir abri\u00e9ndose paso entre la niebla y el manto de plomo, como los peque\u00f1os mechones de hierba o las flores que consiguen abrirse paso entre el asfalto de las calles para existir y florecer a pesar de todo. Y es este a pesar de todo lo que hace tan conmovedores a estos personajes confinados, sus sonrisas, sus miradas, sus gestos, sus saludos, sus besos, sus aplausos. Por un segundo, los acontecimientos m\u00e1s mundanos son fuente de asombro: la lectura, el paseo, la espera, el deporte, el paseo del perro, los servicios municipales, el simple vuelo de un p\u00e1jaro... &quot;Como describ\u00edamos en el n\u00famero 180, dedicado al encierro, no es tanto nuestra mirada la que ha cambiado como lo que puede enfocar. La mirada de Philippe Enquin ha querido ver la felicidad, la solidaridad y, a veces, desde ah\u00ed arriba, ha podido posarse en esa nueva espiritualidad de la que habla y que se enred\u00f3 con su participaci\u00f3n en los estudios de las sinagogas virtuales de la \u00e9poca.**Sus fotos no est\u00e1n en el esp\u00edritu de la \u00e9poca&quot;, escribe el actor Fran\u00e7ois Morel en su pre\u00e1mbulo, &quot;est\u00e1n en el aliento del momento, cuando la vida no se resigna a rendirse, cuando el humor se convierte en un acto de valent\u00eda, cuando las conversaciones en el Caf\u00e9 du Commerce ya no tienen el encanto de los mostradores que se han vuelto prohibidos, cuando una mirada amable se convierte en la mejor arma para resistir a la melancol\u00eda, el derrotismo y el abatimiento propagados por todos los grifos inductores de ansiedad de los canales de noticias.\" class=\"wp-image-2116\" title=\"TENOUA_182_Ph_ENQUIN-page-001\" srcset=\"https:\/\/www.philippeenquin.net\/wp-content\/uploads\/2020\/11\/TENOUA_182_Ph_ENQUIN-page-001-1.jpg 1154w, https:\/\/www.philippeenquin.net\/wp-content\/uploads\/2020\/11\/TENOUA_182_Ph_ENQUIN-page-001-1-210x300.jpg 210w, https:\/\/www.philippeenquin.net\/wp-content\/uploads\/2020\/11\/TENOUA_182_Ph_ENQUIN-page-001-1-716x1024.jpg 716w, https:\/\/www.philippeenquin.net\/wp-content\/uploads\/2020\/11\/TENOUA_182_Ph_ENQUIN-page-001-1-768x1098.jpg 768w, https:\/\/www.philippeenquin.net\/wp-content\/uploads\/2020\/11\/TENOUA_182_Ph_ENQUIN-page-001-1-1074x1536.jpg 1074w, https:\/\/www.philippeenquin.net\/wp-content\/uploads\/2020\/11\/TENOUA_182_Ph_ENQUIN-page-001-1-200x286.jpg 200w, https:\/\/www.philippeenquin.net\/wp-content\/uploads\/2020\/11\/TENOUA_182_Ph_ENQUIN-page-001-1-400x572.jpg 400w, https:\/\/www.philippeenquin.net\/wp-content\/uploads\/2020\/11\/TENOUA_182_Ph_ENQUIN-page-001-1-600x858.jpg 600w, https:\/\/www.philippeenquin.net\/wp-content\/uploads\/2020\/11\/TENOUA_182_Ph_ENQUIN-page-001-1-800x1144.jpg 800w, https:\/\/www.philippeenquin.net\/wp-content\/uploads\/2020\/11\/TENOUA_182_Ph_ENQUIN-page-001-1-500x715.jpg 500w\" sizes=\"auto, (max-width: 1154px) 100vw, 1154px\" \/><button\n\t\t\tclass=\"lightbox-trigger\"\n\t\t\ttype=\"button\"\n\t\t\taria-haspopup=\"dialog\"\n\t\t\taria-label=\"Agrandar\"\n\t\t\tdata-wp-init=\"callbacks.initTriggerButton\"\n\t\t\tdata-wp-on--click=\"actions.showLightbox\"\n\t\t\tdata-wp-style--right=\"state.imageButtonRight\"\n\t\t\tdata-wp-style--top=\"state.imageButtonTop\"\n\t\t>\n\t\t\t<svg xmlns=\"http:\/\/www.w3.org\/2000\/svg\" width=\"12\" height=\"12\" fill=\"none\" viewbox=\"0 0 12 12\">\n\t\t\t\t<path fill=\"#fff\" d=\"M2 0a2 2 0 0 0-2 2v2h1.5V2a.5.5 0 0 1 .5-.5h2V0H2Zm2 10.5H2a.5.5 0 0 1-.5-.5V8H0v2a2 2 0 0 0 2 2h2v-1.5ZM8 12v-1.5h2a.5.5 0 0 0 .5-.5V8H12v2a2 2 0 0 1-2 2H8Zm2-12a2 2 0 0 1 2 2v2h-1.5V2a.5.5 0 0 0-.5-.5H8V0h2Z\" \/>\n\t\t\t<\/svg>\n\t\t<\/button><figcaption class=\"wp-element-caption\">Tenoua<\/figcaption><\/figure>\n\n\n\n<figure data-wp-context=\"{&quot;imageId&quot;:&quot;69f3826e231fa&quot;}\" data-wp-interactive=\"core\/image\" data-wp-key=\"69f3826e231fa\" class=\"wp-block-image size-full wp-lightbox-container\"><img loading=\"lazy\" decoding=\"async\" width=\"1034\" height=\"1624\" data-wp-class--hide=\"state.isContentHidden\" data-wp-class--show=\"state.isContentVisible\" data-wp-init=\"callbacks.setButtonStyles\" data-wp-on--click=\"actions.showLightbox\" data-wp-on--load=\"callbacks.setButtonStyles\" data-wp-on-window--resize=\"callbacks.setButtonStyles\" src=\"https:\/\/www.philippeenquin.net\/wp-content\/uploads\/2020\/11\/TENOUA_182_Ph_ENQUIN-page-002.jpg\" alt=\"DE MON BALCONChroniques d&#039;un confinement parisienPhilippe ENQUINPreambleFran\u00e7ois MORELPrefacioAlain KLEINMANEl hombre que camina enmascaradoEs dif\u00edcil analizar una imagen, como es dif\u00edcil explicar la poes\u00eda. Miramos a este hombre tumbado que cruza la calle, miramos su ropa negra, su corbata negra, sus mocasines negros, sus guantes negros, su sombrero claro con una cinta negra en la cabeza, miramos este tronco de \u00e1rbol sin ramas ni hojas... Se produce una explosi\u00f3n simb\u00f3lica, y eso es lo que cuenta, lo que comento aqu\u00ed casi carece de importancia, lo importante es lo que no podemos decir, porque el poder de la imagen escapa al lenguaje de las palabras.La Muerte camina por las bandas peatonales, respetando las normas, matar es su derecho. El Cuervo camina, camina en Par\u00eds, en Buenos Aires, en Roma, en Madrid, en Praga... Una imagen universal, el Cuervo camina en un mundo diezmado por la plaga del Carnaval del Cuervo Covid... Eso es lo que me evoca esta foto, la emoci\u00f3n de ver a este se\u00f1or con prisas por asistir a un baile de m\u00e1scaras en Venecia, el Carnaval como escenificaci\u00f3n del mundo, el baile de la vida, del paso de una a otra. Quedar\u00e1 sin duda como una de las im\u00e1genes simb\u00f3licas de los tiempos revueltos que vivimos, negro y negro, como el hombre que cruza la calle.Jos\u00e9 MuchnikPoeta y antrop\u00f3logoEste texto se encuentra en De mon balcon\" class=\"wp-image-2117\" title=\"TENOUA_182_Ph_ENQUIN-page-002\" srcset=\"https:\/\/www.philippeenquin.net\/wp-content\/uploads\/2020\/11\/TENOUA_182_Ph_ENQUIN-page-002.jpg 1034w, https:\/\/www.philippeenquin.net\/wp-content\/uploads\/2020\/11\/TENOUA_182_Ph_ENQUIN-page-002-191x300.jpg 191w, https:\/\/www.philippeenquin.net\/wp-content\/uploads\/2020\/11\/TENOUA_182_Ph_ENQUIN-page-002-652x1024.jpg 652w, https:\/\/www.philippeenquin.net\/wp-content\/uploads\/2020\/11\/TENOUA_182_Ph_ENQUIN-page-002-768x1206.jpg 768w, https:\/\/www.philippeenquin.net\/wp-content\/uploads\/2020\/11\/TENOUA_182_Ph_ENQUIN-page-002-978x1536.jpg 978w, https:\/\/www.philippeenquin.net\/wp-content\/uploads\/2020\/11\/TENOUA_182_Ph_ENQUIN-page-002-200x314.jpg 200w, https:\/\/www.philippeenquin.net\/wp-content\/uploads\/2020\/11\/TENOUA_182_Ph_ENQUIN-page-002-400x628.jpg 400w, https:\/\/www.philippeenquin.net\/wp-content\/uploads\/2020\/11\/TENOUA_182_Ph_ENQUIN-page-002-600x942.jpg 600w, https:\/\/www.philippeenquin.net\/wp-content\/uploads\/2020\/11\/TENOUA_182_Ph_ENQUIN-page-002-800x1256.jpg 800w, https:\/\/www.philippeenquin.net\/wp-content\/uploads\/2020\/11\/TENOUA_182_Ph_ENQUIN-page-002-500x785.jpg 500w\" sizes=\"auto, (max-width: 1034px) 100vw, 1034px\" \/><button\n\t\t\tclass=\"lightbox-trigger\"\n\t\t\ttype=\"button\"\n\t\t\taria-haspopup=\"dialog\"\n\t\t\taria-label=\"Agrandar\"\n\t\t\tdata-wp-init=\"callbacks.initTriggerButton\"\n\t\t\tdata-wp-on--click=\"actions.showLightbox\"\n\t\t\tdata-wp-style--right=\"state.imageButtonRight\"\n\t\t\tdata-wp-style--top=\"state.imageButtonTop\"\n\t\t>\n\t\t\t<svg xmlns=\"http:\/\/www.w3.org\/2000\/svg\" width=\"12\" height=\"12\" fill=\"none\" viewbox=\"0 0 12 12\">\n\t\t\t\t<path fill=\"#fff\" d=\"M2 0a2 2 0 0 0-2 2v2h1.5V2a.5.5 0 0 1 .5-.5h2V0H2Zm2 10.5H2a.5.5 0 0 1-.5-.5V8H0v2a2 2 0 0 0 2 2h2v-1.5ZM8 12v-1.5h2a.5.5 0 0 0 .5-.5V8H12v2a2 2 0 0 1-2 2H8Zm2-12a2 2 0 0 1 2 2v2h-1.5V2a.5.5 0 0 0-.5-.5H8V0h2Z\" \/>\n\t\t\t<\/svg>\n\t\t<\/button><\/figure>\n\n\n\n<div class=\"wp-block-buttons is-content-justification-center is-layout-flex wp-container-core-buttons-is-layout-a89b3969 wp-block-buttons-is-layout-flex\">\n<div class=\"wp-block-button\"><a class=\"wp-block-button__link wp-element-button\" href=\"#acheter-livre\">Comprar el libro<\/a><\/div>\n<\/div>\n\n\n\n<div style=\"height:var(--wp--preset--spacing--50)\" aria-hidden=\"true\" class=\"wp-block-spacer\"><\/div>\n<\/div>\n\n\n\n<div class=\"wp-block-group alignwide has-global-padding is-layout-constrained wp-block-group-is-layout-constrained\">\n<h2 class=\"wp-block-heading has-text-align-center has-contrast-2-color has-text-color has-link-color wp-elements-ad177334eb07514860b3a080b292858a\" style=\"margin-top:0;margin-right:0;margin-bottom:0;margin-left:0\"><a href=\"\/es\/cartera\/\">Cartera<\/a><\/h2>\n\n\n\n<div class=\"wp-block-columns alignwide is-layout-flex wp-container-core-columns-is-layout-c5ed4e73 wp-block-columns-is-layout-flex\" style=\"margin-top:0;margin-right:0;margin-bottom:0;margin-left:0\">\n<div class=\"wp-block-column is-layout-flow wp-block-column-is-layout-flow\">\n<div class=\"wp-block-cover has-base-color has-text-color has-link-color wp-elements-290d838ae9e0ff2352e00a900a3b38a7\" style=\"border-bottom-right-radius:64px;min-height:552px;aspect-ratio:unset;\"><span aria-hidden=\"true\" class=\"wp-block-cover__background has-contrast-background-color has-background-dim-30 has-background-dim\"><\/span><img loading=\"lazy\" decoding=\"async\" width=\"2104\" height=\"2104\" class=\"wp-block-cover__image-background wp-image-1426\" alt=\"\" src=\"https:\/\/www.philippeenquin.net\/wp-content\/uploads\/2020\/08\/DSC08242.jpg\" data-object-fit=\"cover\" srcset=\"https:\/\/www.philippeenquin.net\/wp-content\/uploads\/2020\/08\/DSC08242.jpg 2104w, https:\/\/www.philippeenquin.net\/wp-content\/uploads\/2020\/08\/DSC08242-500x500.jpg 500w, https:\/\/www.philippeenquin.net\/wp-content\/uploads\/2020\/08\/DSC08242-100x100.jpg 100w, https:\/\/www.philippeenquin.net\/wp-content\/uploads\/2020\/08\/DSC08242-800x800.jpg 800w, https:\/\/www.philippeenquin.net\/wp-content\/uploads\/2020\/08\/DSC08242-300x300.jpg 300w, https:\/\/www.philippeenquin.net\/wp-content\/uploads\/2020\/08\/DSC08242-1024x1024.jpg 1024w, https:\/\/www.philippeenquin.net\/wp-content\/uploads\/2020\/08\/DSC08242-150x150.jpg 150w, https:\/\/www.philippeenquin.net\/wp-content\/uploads\/2020\/08\/DSC08242-768x768.jpg 768w, https:\/\/www.philippeenquin.net\/wp-content\/uploads\/2020\/08\/DSC08242-1536x1536.jpg 1536w\" sizes=\"auto, (max-width: 2104px) 100vw, 2104px\" \/><div class=\"wp-block-cover__inner-container has-global-padding is-layout-constrained wp-block-cover-is-layout-constrained\">\n<h3 class=\"wp-block-heading has-text-align-center has-base-color has-text-color has-background has-link-color has-large-font-size wp-elements-df4f397ab582e5777760c3993c6b45b1\" style=\"background-color:#0000007a\"><a href=\"\/es\/cartera\/desde-mi-balcon\/\">Desde mi balc\u00f3n<\/a><\/h3>\n\n\n\n<hr class=\"wp-block-separator has-text-color has-base-color has-alpha-channel-opacity has-base-background-color has-background\" style=\"margin-top:var(--wp--preset--spacing--10);margin-bottom:var(--wp--preset--spacing--10)\"\/>\n\n\n\n<p class=\"has-text-align-center has-large-font-size\" style=\"text-decoration:none\">Cr\u00f3nicas de un encierro parisino<\/p>\n<\/div><\/div>\n<\/div>\n\n\n\n<div class=\"wp-block-column is-layout-flow wp-block-column-is-layout-flow\">\n<div class=\"wp-block-cover has-base-color has-text-color has-link-color wp-elements-0f7debd0e44d3a74020e44520eabd149\" style=\"border-bottom-right-radius:64px;min-height:552px;aspect-ratio:unset;\"><span aria-hidden=\"true\" class=\"wp-block-cover__background has-contrast-background-color has-background-dim-30 has-background-dim\"><\/span><img loading=\"lazy\" decoding=\"async\" width=\"2323\" height=\"2323\" class=\"wp-block-cover__image-background wp-image-1729\" alt=\"\" src=\"https:\/\/www.philippeenquin.net\/wp-content\/uploads\/2020\/09\/DSC06755.jpg\" data-object-fit=\"cover\" srcset=\"https:\/\/www.philippeenquin.net\/wp-content\/uploads\/2020\/09\/DSC06755.jpg 2323w, https:\/\/www.philippeenquin.net\/wp-content\/uploads\/2020\/09\/DSC06755-500x500.jpg 500w, https:\/\/www.philippeenquin.net\/wp-content\/uploads\/2020\/09\/DSC06755-100x100.jpg 100w, https:\/\/www.philippeenquin.net\/wp-content\/uploads\/2020\/09\/DSC06755-800x800.jpg 800w, https:\/\/www.philippeenquin.net\/wp-content\/uploads\/2020\/09\/DSC06755-300x300.jpg 300w, https:\/\/www.philippeenquin.net\/wp-content\/uploads\/2020\/09\/DSC06755-1024x1024.jpg 1024w, https:\/\/www.philippeenquin.net\/wp-content\/uploads\/2020\/09\/DSC06755-150x150.jpg 150w, https:\/\/www.philippeenquin.net\/wp-content\/uploads\/2020\/09\/DSC06755-768x768.jpg 768w, https:\/\/www.philippeenquin.net\/wp-content\/uploads\/2020\/09\/DSC06755-1536x1536.jpg 1536w, https:\/\/www.philippeenquin.net\/wp-content\/uploads\/2020\/09\/DSC06755-2048x2048.jpg 2048w, https:\/\/www.philippeenquin.net\/wp-content\/uploads\/2020\/09\/DSC06755-66x66.jpg 66w, https:\/\/www.philippeenquin.net\/wp-content\/uploads\/2020\/09\/DSC06755-200x200.jpg 200w, https:\/\/www.philippeenquin.net\/wp-content\/uploads\/2020\/09\/DSC06755-400x400.jpg 400w, https:\/\/www.philippeenquin.net\/wp-content\/uploads\/2020\/09\/DSC06755-600x600.jpg 600w, https:\/\/www.philippeenquin.net\/wp-content\/uploads\/2020\/09\/DSC06755-1200x1200.jpg 1200w\" sizes=\"auto, (max-width: 2323px) 100vw, 2323px\" \/><div class=\"wp-block-cover__inner-container has-global-padding is-layout-constrained wp-block-cover-is-layout-constrained\">\n<h3 class=\"wp-block-heading has-text-align-center has-base-color has-text-color has-background has-link-color has-large-font-size wp-elements-f519db32ee373478458bdd1185b6dc49\" style=\"background-color:#0000007a\"><a href=\"\/es\/cartera\/azerbaidjan\/\" data-type=\"page\" data-id=\"3418\">Azerbaiy\u00e1n<\/a><\/h3>\n\n\n\n<hr class=\"wp-block-separator has-text-color has-base-color has-alpha-channel-opacity has-base-background-color has-background\" style=\"margin-top:var(--wp--preset--spacing--10);margin-bottom:var(--wp--preset--spacing--10)\"\/>\n\n\n\n<p class=\"has-text-align-center has-large-font-size\" style=\"text-decoration:none\">Retratos<\/p>\n<\/div><\/div>\n<\/div>\n\n\n\n<div class=\"wp-block-column is-layout-flow wp-block-column-is-layout-flow\">\n<div class=\"wp-block-cover has-base-color has-text-color has-link-color wp-elements-10fa3f31fa4e0f836b494eb51e834f17\" style=\"border-bottom-right-radius:64px;min-height:552px;aspect-ratio:unset;\"><span aria-hidden=\"true\" class=\"wp-block-cover__background has-contrast-background-color has-background-dim-30 has-background-dim\"><\/span><img loading=\"lazy\" decoding=\"async\" width=\"940\" height=\"627\" class=\"wp-block-cover__image-background wp-image-1746\" alt=\"\" src=\"https:\/\/www.philippeenquin.net\/wp-content\/uploads\/2020\/09\/DSC01139Edit.jpg\" data-object-fit=\"cover\" srcset=\"https:\/\/www.philippeenquin.net\/wp-content\/uploads\/2020\/09\/DSC01139Edit.jpg 940w, https:\/\/www.philippeenquin.net\/wp-content\/uploads\/2020\/09\/DSC01139Edit-500x334.jpg 500w, https:\/\/www.philippeenquin.net\/wp-content\/uploads\/2020\/09\/DSC01139Edit-800x534.jpg 800w, https:\/\/www.philippeenquin.net\/wp-content\/uploads\/2020\/09\/DSC01139Edit-300x200.jpg 300w, https:\/\/www.philippeenquin.net\/wp-content\/uploads\/2020\/09\/DSC01139Edit-768x512.jpg 768w, https:\/\/www.philippeenquin.net\/wp-content\/uploads\/2020\/09\/DSC01139Edit-200x133.jpg 200w, https:\/\/www.philippeenquin.net\/wp-content\/uploads\/2020\/09\/DSC01139Edit-400x267.jpg 400w, https:\/\/www.philippeenquin.net\/wp-content\/uploads\/2020\/09\/DSC01139Edit-600x400.jpg 600w\" sizes=\"auto, (max-width: 940px) 100vw, 940px\" \/><div class=\"wp-block-cover__inner-container has-global-padding is-layout-constrained wp-block-cover-is-layout-constrained\">\n<h3 class=\"wp-block-heading has-text-align-center has-base-color has-text-color has-background has-link-color has-large-font-size wp-elements-2b3e3da18d637d8ac3d3eb001928fc9b\" style=\"background-color:#0000007a\"><a href=\"\/es\/cartera\/orgullo-gay\/\" data-type=\"page\" data-id=\"3413\">Orgullo Gay<\/a><\/h3>\n\n\n\n<hr class=\"wp-block-separator has-text-color has-base-color has-alpha-channel-opacity has-base-background-color has-background\" style=\"margin-top:var(--wp--preset--spacing--10);margin-bottom:var(--wp--preset--spacing--10)\"\/>\n\n\n\n<p class=\"has-text-align-center has-large-font-size\" style=\"text-decoration:none\">Argentina<\/p>\n<\/div><\/div>\n<\/div>\n<\/div>\n<\/div>","protected":false},"excerpt":{"rendered":"<p>Buenos Aires, un autre regard Chroniques Philippe Enquin Buenos Aires, un autre regard Pendant trois ans, j&rsquo;ai tent\u00e9 de dresser le portrait d&rsquo;un Buenos Aires diff\u00e9rent, loin des \u00ab clich\u00e9s \u00bb touristiques habituels. Lors de mes voyages \u00e0 Buenos Aires, j&rsquo;ai r\u00e9alis\u00e9 ces chroniques avec des reportages, des photos, des interviews et des vid\u00e9os, de [&hellip;]<\/p>\n","protected":false},"author":1,"featured_media":0,"parent":0,"menu_order":0,"comment_status":"closed","ping_status":"closed","template":"","meta":{"footnotes":""},"class_list":["post-8","page","type-page","status-publish","hentry"],"_links":{"self":[{"href":"https:\/\/www.philippeenquin.net\/es\/wp-json\/wp\/v2\/pages\/8","targetHints":{"allow":["GET"]}}],"collection":[{"href":"https:\/\/www.philippeenquin.net\/es\/wp-json\/wp\/v2\/pages"}],"about":[{"href":"https:\/\/www.philippeenquin.net\/es\/wp-json\/wp\/v2\/types\/page"}],"author":[{"embeddable":true,"href":"https:\/\/www.philippeenquin.net\/es\/wp-json\/wp\/v2\/users\/1"}],"replies":[{"embeddable":true,"href":"https:\/\/www.philippeenquin.net\/es\/wp-json\/wp\/v2\/comments?post=8"}],"version-history":[{"count":64,"href":"https:\/\/www.philippeenquin.net\/es\/wp-json\/wp\/v2\/pages\/8\/revisions"}],"predecessor-version":[{"id":3683,"href":"https:\/\/www.philippeenquin.net\/es\/wp-json\/wp\/v2\/pages\/8\/revisions\/3683"}],"wp:attachment":[{"href":"https:\/\/www.philippeenquin.net\/es\/wp-json\/wp\/v2\/media?parent=8"}],"curies":[{"name":"wp","href":"https:\/\/api.w.org\/{rel}","templated":true}]}}